{"id":1080,"date":"2021-09-09T16:26:12","date_gmt":"2021-09-09T20:26:12","guid":{"rendered":"https:\/\/memetic.media\/fabrica\/?post_type=proyecto&#038;p=1080"},"modified":"2021-09-14T22:50:58","modified_gmt":"2021-09-15T02:50:58","slug":"la-mejor-ruta","status":"publish","type":"proyecto","link":"https:\/\/memetic.media\/fabrica\/proyecto\/la-mejor-ruta\/","title":{"rendered":"La Mejor Ruta"},"content":{"rendered":"\n<p class=\"has-drop-cap\">La crisis humanitaria en Venezuela y el e\u0301xodo de millones de personas en busca de una mejor calidad de vida para sus familias, expone a mujeres, adolescentes y nin\u0303as a la xenofobia, el abuso y la explotacio\u0301n sexual. Ofreciendo informacio\u0301n oportuna y demandando proteccio\u0301n para ellas, podemos disminuir los riesgos de discriminacio\u0301n y violencia.<\/p>\n\n\n\n<div style=\"height:80px\" aria-hidden=\"true\" class=\"wp-block-spacer\"><\/div>\n\n\n\n<div class=\"wp-block-columns\">\n<div class=\"wp-block-column\">\n<div class=\"wp-block-image\"><figure class=\"aligncenter size-large\"><img loading=\"lazy\" width=\"1024\" height=\"1024\" src=\"https:\/\/memetic.media\/fabrica\/wp-content\/uploads\/2021\/09\/LaMejorRuta-Testimonio2-02-1024x1024.png\" alt=\"\" class=\"wp-image-1197\" srcset=\"https:\/\/memetic.media\/fabrica\/wp-content\/uploads\/2021\/09\/LaMejorRuta-Testimonio2-02-1024x1024.png 1024w, https:\/\/memetic.media\/fabrica\/wp-content\/uploads\/2021\/09\/LaMejorRuta-Testimonio2-02-300x300.png 300w, https:\/\/memetic.media\/fabrica\/wp-content\/uploads\/2021\/09\/LaMejorRuta-Testimonio2-02-150x150.png 150w, https:\/\/memetic.media\/fabrica\/wp-content\/uploads\/2021\/09\/LaMejorRuta-Testimonio2-02-768x768.png 768w, https:\/\/memetic.media\/fabrica\/wp-content\/uploads\/2021\/09\/LaMejorRuta-Testimonio2-02.png 1081w\" sizes=\"(max-width: 1024px) 100vw, 1024px\" \/><\/figure><\/div>\n<\/div>\n\n\n\n<div class=\"wp-block-column\">\n<div class=\"wp-block-image\"><figure class=\"aligncenter size-large\"><img loading=\"lazy\" width=\"1024\" height=\"1024\" src=\"https:\/\/memetic.media\/fabrica\/wp-content\/uploads\/2021\/09\/LaMejorRuta-Testimonio2-03-1024x1024.png\" alt=\"\" class=\"wp-image-1198\" srcset=\"https:\/\/memetic.media\/fabrica\/wp-content\/uploads\/2021\/09\/LaMejorRuta-Testimonio2-03-1024x1024.png 1024w, https:\/\/memetic.media\/fabrica\/wp-content\/uploads\/2021\/09\/LaMejorRuta-Testimonio2-03-300x300.png 300w, https:\/\/memetic.media\/fabrica\/wp-content\/uploads\/2021\/09\/LaMejorRuta-Testimonio2-03-150x150.png 150w, https:\/\/memetic.media\/fabrica\/wp-content\/uploads\/2021\/09\/LaMejorRuta-Testimonio2-03-768x768.png 768w, https:\/\/memetic.media\/fabrica\/wp-content\/uploads\/2021\/09\/LaMejorRuta-Testimonio2-03.png 1081w\" sizes=\"(max-width: 1024px) 100vw, 1024px\" \/><\/figure><\/div>\n<\/div>\n<\/div>\n\n\n\n<p>A fin de posicionar a la movilidad como un derecho humano, una opcio\u0301n voluntaria y segura para todas las mujeres de Venezuela, con participacio\u0301n activa de la ciudadani\u0301a. Definimos que deb\u00edamos dibujar una \u00abmejor ruta\u00bb para las mujeres que toman la decisio\u0301n de partir: una ruta sin violencia y con derechos.<\/p>\n\n\n\n<div style=\"height:80px\" aria-hidden=\"true\" class=\"wp-block-spacer\"><\/div>\n\n\n\n<div class=\"wp-block-columns\">\n<div class=\"wp-block-column\">\n<div class=\"wp-block-image\"><figure class=\"aligncenter size-large\"><img loading=\"lazy\" width=\"1024\" height=\"1024\" src=\"https:\/\/memetic.media\/fabrica\/wp-content\/uploads\/2021\/09\/LaMejorRuta-Testimonio2-04-1024x1024.png\" alt=\"\" class=\"wp-image-1199\" srcset=\"https:\/\/memetic.media\/fabrica\/wp-content\/uploads\/2021\/09\/LaMejorRuta-Testimonio2-04-1024x1024.png 1024w, https:\/\/memetic.media\/fabrica\/wp-content\/uploads\/2021\/09\/LaMejorRuta-Testimonio2-04-300x300.png 300w, https:\/\/memetic.media\/fabrica\/wp-content\/uploads\/2021\/09\/LaMejorRuta-Testimonio2-04-150x150.png 150w, https:\/\/memetic.media\/fabrica\/wp-content\/uploads\/2021\/09\/LaMejorRuta-Testimonio2-04-768x768.png 768w, https:\/\/memetic.media\/fabrica\/wp-content\/uploads\/2021\/09\/LaMejorRuta-Testimonio2-04.png 1081w\" sizes=\"(max-width: 1024px) 100vw, 1024px\" \/><\/figure><\/div>\n<\/div>\n\n\n\n<div class=\"wp-block-column\">\n<div class=\"wp-block-image\"><figure class=\"aligncenter size-large\"><img loading=\"lazy\" width=\"1024\" height=\"1024\" src=\"https:\/\/memetic.media\/fabrica\/wp-content\/uploads\/2021\/09\/LaMejorRuta-Testimonio2-05-1024x1024.png\" alt=\"\" class=\"wp-image-1200\" srcset=\"https:\/\/memetic.media\/fabrica\/wp-content\/uploads\/2021\/09\/LaMejorRuta-Testimonio2-05-1024x1024.png 1024w, https:\/\/memetic.media\/fabrica\/wp-content\/uploads\/2021\/09\/LaMejorRuta-Testimonio2-05-300x300.png 300w, https:\/\/memetic.media\/fabrica\/wp-content\/uploads\/2021\/09\/LaMejorRuta-Testimonio2-05-150x150.png 150w, https:\/\/memetic.media\/fabrica\/wp-content\/uploads\/2021\/09\/LaMejorRuta-Testimonio2-05-768x768.png 768w, https:\/\/memetic.media\/fabrica\/wp-content\/uploads\/2021\/09\/LaMejorRuta-Testimonio2-05.png 1081w\" sizes=\"(max-width: 1024px) 100vw, 1024px\" \/><\/figure><\/div>\n<\/div>\n<\/div>\n\n\n\n<p>Trabajamos con organizaciones feministas de Venezuela y Oxfam Interm\u00f3n para esta campa\u00f1a p\u00fablica por los derechos humanos de las mujeres migrantes (2021), con formaci\u00f3n en comunicaci\u00f3n, dise\u00f1o de estrategia creativa, identidad visual, piezas de comunicaci\u00f3n y producci\u00f3n de eventos digitales.<\/p>\n\n\n\n<div style=\"height:80px\" aria-hidden=\"true\" class=\"wp-block-spacer\"><\/div>\n\n\n\n<div class=\"wp-block-columns\">\n<div class=\"wp-block-column\">\n<div class=\"wp-block-image\"><figure class=\"aligncenter size-full is-resized\"><img loading=\"lazy\" src=\"https:\/\/memetic.media\/fabrica\/wp-content\/uploads\/2021\/09\/LMR-PortadaFacebook1.png\" alt=\"\" class=\"wp-image-1202\" width=\"1120\" height=\"427\" srcset=\"https:\/\/memetic.media\/fabrica\/wp-content\/uploads\/2021\/09\/LMR-PortadaFacebook1.png 2325w, https:\/\/memetic.media\/fabrica\/wp-content\/uploads\/2021\/09\/LMR-PortadaFacebook1-300x114.png 300w, https:\/\/memetic.media\/fabrica\/wp-content\/uploads\/2021\/09\/LMR-PortadaFacebook1-1024x390.png 1024w, https:\/\/memetic.media\/fabrica\/wp-content\/uploads\/2021\/09\/LMR-PortadaFacebook1-768x293.png 768w, https:\/\/memetic.media\/fabrica\/wp-content\/uploads\/2021\/09\/LMR-PortadaFacebook1-1536x585.png 1536w, https:\/\/memetic.media\/fabrica\/wp-content\/uploads\/2021\/09\/LMR-PortadaFacebook1-2048x780.png 2048w\" sizes=\"(max-width: 1120px) 100vw, 1120px\" \/><\/figure><\/div>\n<\/div>\n<\/div>\n\n\n\n<p>Al inicio del proceso, los talleres de cocreaci\u00f3n con las organizaciones fueron determinantes para que el equipo de trabajo asimilara el contexto y los conceptos a transmitir. Adem\u00e1s, permitieron que el proceso fuera validado por todas las partes a cada paso, lo que deriv\u00f3 en la continuidad de la iniciativa.<\/p>\n\n\n\n<p>\ud83d\udd17 <a rel=\"noreferrer noopener\" href=\"https:\/\/linktr.ee\/LaMejorRutaVe\" target=\"_blank\">linktr.ee\/LaMejorRutaVe<\/a><\/p>\n\n\n\n<div style=\"height:80px\" aria-hidden=\"true\" class=\"wp-block-spacer\"><\/div>\n\n\n\n<div class=\"wp-block-columns\">\n<div class=\"wp-block-column\">\n<div class=\"wp-block-image\"><figure class=\"aligncenter size-large\"><img loading=\"lazy\" width=\"1024\" height=\"1024\" src=\"https:\/\/memetic.media\/fabrica\/wp-content\/uploads\/2021\/09\/Posteos_1-1024x1024.png\" alt=\"\" class=\"wp-image-1209\" srcset=\"https:\/\/memetic.media\/fabrica\/wp-content\/uploads\/2021\/09\/Posteos_1-1024x1024.png 1024w, https:\/\/memetic.media\/fabrica\/wp-content\/uploads\/2021\/09\/Posteos_1-300x300.png 300w, https:\/\/memetic.media\/fabrica\/wp-content\/uploads\/2021\/09\/Posteos_1-150x150.png 150w, https:\/\/memetic.media\/fabrica\/wp-content\/uploads\/2021\/09\/Posteos_1-768x768.png 768w, https:\/\/memetic.media\/fabrica\/wp-content\/uploads\/2021\/09\/Posteos_1.png 1080w\" sizes=\"(max-width: 1024px) 100vw, 1024px\" \/><\/figure><\/div>\n<\/div>\n\n\n\n<div class=\"wp-block-column\">\n<div class=\"wp-block-image\"><figure class=\"aligncenter size-large\"><img loading=\"lazy\" width=\"1024\" height=\"1024\" src=\"https:\/\/memetic.media\/fabrica\/wp-content\/uploads\/2021\/09\/Posteos_2-1024x1024.png\" alt=\"\" class=\"wp-image-1210\" srcset=\"https:\/\/memetic.media\/fabrica\/wp-content\/uploads\/2021\/09\/Posteos_2-1024x1024.png 1024w, https:\/\/memetic.media\/fabrica\/wp-content\/uploads\/2021\/09\/Posteos_2-300x300.png 300w, https:\/\/memetic.media\/fabrica\/wp-content\/uploads\/2021\/09\/Posteos_2-150x150.png 150w, https:\/\/memetic.media\/fabrica\/wp-content\/uploads\/2021\/09\/Posteos_2-768x768.png 768w, https:\/\/memetic.media\/fabrica\/wp-content\/uploads\/2021\/09\/Posteos_2.png 1080w\" sizes=\"(max-width: 1024px) 100vw, 1024px\" \/><\/figure><\/div>\n<\/div>\n\n\n\n<div class=\"wp-block-column\">\n<div class=\"wp-block-image\"><figure class=\"aligncenter size-large\"><img loading=\"lazy\" width=\"1024\" height=\"1024\" src=\"https:\/\/memetic.media\/fabrica\/wp-content\/uploads\/2021\/09\/Posteos_3-1024x1024.png\" alt=\"\" class=\"wp-image-1211\" srcset=\"https:\/\/memetic.media\/fabrica\/wp-content\/uploads\/2021\/09\/Posteos_3-1024x1024.png 1024w, https:\/\/memetic.media\/fabrica\/wp-content\/uploads\/2021\/09\/Posteos_3-300x300.png 300w, https:\/\/memetic.media\/fabrica\/wp-content\/uploads\/2021\/09\/Posteos_3-150x150.png 150w, https:\/\/memetic.media\/fabrica\/wp-content\/uploads\/2021\/09\/Posteos_3-768x768.png 768w, https:\/\/memetic.media\/fabrica\/wp-content\/uploads\/2021\/09\/Posteos_3.png 1080w\" sizes=\"(max-width: 1024px) 100vw, 1024px\" \/><\/figure><\/div>\n<\/div>\n<\/div>\n\n\n\n<div class=\"wp-block-columns\">\n<div class=\"wp-block-column\">\n<div class=\"wp-block-image\"><figure class=\"aligncenter size-large\"><img loading=\"lazy\" width=\"819\" height=\"1024\" src=\"https:\/\/memetic.media\/fabrica\/wp-content\/uploads\/2021\/09\/Testimonio1-LMR-Afiche-819x1024.png\" alt=\"\" class=\"wp-image-1213\" srcset=\"https:\/\/memetic.media\/fabrica\/wp-content\/uploads\/2021\/09\/Testimonio1-LMR-Afiche-819x1024.png 819w, https:\/\/memetic.media\/fabrica\/wp-content\/uploads\/2021\/09\/Testimonio1-LMR-Afiche-240x300.png 240w, https:\/\/memetic.media\/fabrica\/wp-content\/uploads\/2021\/09\/Testimonio1-LMR-Afiche-768x960.png 768w, https:\/\/memetic.media\/fabrica\/wp-content\/uploads\/2021\/09\/Testimonio1-LMR-Afiche.png 1081w\" sizes=\"(max-width: 819px) 100vw, 819px\" \/><\/figure><\/div>\n<\/div>\n\n\n\n<div class=\"wp-block-column\">\n<div class=\"wp-block-image\"><figure class=\"aligncenter size-large\"><img loading=\"lazy\" width=\"819\" height=\"1024\" src=\"https:\/\/memetic.media\/fabrica\/wp-content\/uploads\/2021\/09\/Testimonio3-LMR-Afiche-819x1024.png\" alt=\"\" class=\"wp-image-1214\" srcset=\"https:\/\/memetic.media\/fabrica\/wp-content\/uploads\/2021\/09\/Testimonio3-LMR-Afiche-819x1024.png 819w, https:\/\/memetic.media\/fabrica\/wp-content\/uploads\/2021\/09\/Testimonio3-LMR-Afiche-240x300.png 240w, https:\/\/memetic.media\/fabrica\/wp-content\/uploads\/2021\/09\/Testimonio3-LMR-Afiche-768x960.png 768w, https:\/\/memetic.media\/fabrica\/wp-content\/uploads\/2021\/09\/Testimonio3-LMR-Afiche-1229x1536.png 1229w, https:\/\/memetic.media\/fabrica\/wp-content\/uploads\/2021\/09\/Testimonio3-LMR-Afiche-1639x2048.png 1639w\" sizes=\"(max-width: 819px) 100vw, 819px\" \/><\/figure><\/div>\n<\/div>\n<\/div>\n","protected":false},"excerpt":{"rendered":"<p>Campa\u00f1a p\u00fablica por los derechos humanos de las mujeres migrantes, cocreada con organizaciones feministas de Venezuela, para Oxfam Interm\u00f3n (2021).<\/p>\n","protected":false},"featured_media":1144,"template":"","categories":[],"tags":[],"acf":[],"_links":{"self":[{"href":"https:\/\/memetic.media\/fabrica\/wp-json\/wp\/v2\/proyecto\/1080"}],"collection":[{"href":"https:\/\/memetic.media\/fabrica\/wp-json\/wp\/v2\/proyecto"}],"about":[{"href":"https:\/\/memetic.media\/fabrica\/wp-json\/wp\/v2\/types\/proyecto"}],"wp:featuredmedia":[{"embeddable":true,"href":"https:\/\/memetic.media\/fabrica\/wp-json\/wp\/v2\/media\/1144"}],"wp:attachment":[{"href":"https:\/\/memetic.media\/fabrica\/wp-json\/wp\/v2\/media?parent=1080"}],"wp:term":[{"taxonomy":"category","embeddable":true,"href":"https:\/\/memetic.media\/fabrica\/wp-json\/wp\/v2\/categories?post=1080"},{"taxonomy":"post_tag","embeddable":true,"href":"https:\/\/memetic.media\/fabrica\/wp-json\/wp\/v2\/tags?post=1080"}],"curies":[{"name":"wp","href":"https:\/\/api.w.org\/{rel}","templated":true}]}}