{"id":1121,"date":"2021-09-10T10:52:04","date_gmt":"2021-09-10T14:52:04","guid":{"rendered":"https:\/\/memetic.media\/fabrica\/?post_type=proyecto&#038;p=1121"},"modified":"2022-08-09T11:01:20","modified_gmt":"2022-08-09T15:01:20","slug":"historias-ilustradas-sobre-derechos-humanos","status":"publish","type":"proyecto","link":"https:\/\/memetic.media\/fabrica\/proyecto\/historias-ilustradas-sobre-derechos-humanos\/","title":{"rendered":"Historias ilustradas sobre derechos y no discriminaci\u00f3n"},"content":{"rendered":"\n<p class=\"has-drop-cap\">Para dos fechas conmemorativas, Unicef Argentina necesitaba el desarrollo de storytelling para redes sociales. En un contexto de polarizaci\u00f3n y agresividad en redes, quer\u00edan contar historias reales que permitan debatir sobre las paternidades por el D\u00eda del Padre y sobre el acoso digital a adolescentes, por el D\u00eda de Internet.<\/p>\n\n\n\n<div style=\"height:80px\" aria-hidden=\"true\" class=\"wp-block-spacer\"><\/div>\n\n\n\n<div class=\"wp-block-columns\">\n<div class=\"wp-block-column\">\n<div class=\"wp-block-image\"><figure class=\"aligncenter size-large\"><img loading=\"lazy\" width=\"1024\" height=\"1024\" src=\"https:\/\/memetic.media\/fabrica\/wp-content\/uploads\/2021\/09\/Haters-H2-carrousel-1-1024x1024.png\" alt=\"\" class=\"wp-image-1226\" srcset=\"https:\/\/memetic.media\/fabrica\/wp-content\/uploads\/2021\/09\/Haters-H2-carrousel-1-1024x1024.png 1024w, https:\/\/memetic.media\/fabrica\/wp-content\/uploads\/2021\/09\/Haters-H2-carrousel-1-300x300.png 300w, https:\/\/memetic.media\/fabrica\/wp-content\/uploads\/2021\/09\/Haters-H2-carrousel-1-150x150.png 150w, https:\/\/memetic.media\/fabrica\/wp-content\/uploads\/2021\/09\/Haters-H2-carrousel-1-768x768.png 768w, https:\/\/memetic.media\/fabrica\/wp-content\/uploads\/2021\/09\/Haters-H2-carrousel-1-1536x1536.png 1536w, https:\/\/memetic.media\/fabrica\/wp-content\/uploads\/2021\/09\/Haters-H2-carrousel-1-2048x2048.png 2048w\" sizes=\"(max-width: 1024px) 100vw, 1024px\" \/><\/figure><\/div>\n<\/div>\n\n\n\n<div class=\"wp-block-column\">\n<div class=\"wp-block-image\"><figure class=\"aligncenter size-large\"><img loading=\"lazy\" width=\"1024\" height=\"1024\" src=\"https:\/\/memetic.media\/fabrica\/wp-content\/uploads\/2021\/09\/Haters-H2-carrousel-2-1024x1024.png\" alt=\"\" class=\"wp-image-1227\" srcset=\"https:\/\/memetic.media\/fabrica\/wp-content\/uploads\/2021\/09\/Haters-H2-carrousel-2-1024x1024.png 1024w, https:\/\/memetic.media\/fabrica\/wp-content\/uploads\/2021\/09\/Haters-H2-carrousel-2-300x300.png 300w, https:\/\/memetic.media\/fabrica\/wp-content\/uploads\/2021\/09\/Haters-H2-carrousel-2-150x150.png 150w, https:\/\/memetic.media\/fabrica\/wp-content\/uploads\/2021\/09\/Haters-H2-carrousel-2-768x768.png 768w, https:\/\/memetic.media\/fabrica\/wp-content\/uploads\/2021\/09\/Haters-H2-carrousel-2-1536x1536.png 1536w, https:\/\/memetic.media\/fabrica\/wp-content\/uploads\/2021\/09\/Haters-H2-carrousel-2-2048x2048.png 2048w\" sizes=\"(max-width: 1024px) 100vw, 1024px\" \/><\/figure><\/div>\n<\/div>\n\n\n\n<div class=\"wp-block-column\">\n<div class=\"wp-block-image\"><figure class=\"aligncenter size-large\"><img loading=\"lazy\" width=\"1024\" height=\"1024\" src=\"https:\/\/memetic.media\/fabrica\/wp-content\/uploads\/2021\/09\/Haters-H2-carrousel-3-1024x1024.png\" alt=\"\" class=\"wp-image-1228\" srcset=\"https:\/\/memetic.media\/fabrica\/wp-content\/uploads\/2021\/09\/Haters-H2-carrousel-3-1024x1024.png 1024w, https:\/\/memetic.media\/fabrica\/wp-content\/uploads\/2021\/09\/Haters-H2-carrousel-3-300x300.png 300w, https:\/\/memetic.media\/fabrica\/wp-content\/uploads\/2021\/09\/Haters-H2-carrousel-3-150x150.png 150w, https:\/\/memetic.media\/fabrica\/wp-content\/uploads\/2021\/09\/Haters-H2-carrousel-3-768x768.png 768w, https:\/\/memetic.media\/fabrica\/wp-content\/uploads\/2021\/09\/Haters-H2-carrousel-3-1536x1536.png 1536w, https:\/\/memetic.media\/fabrica\/wp-content\/uploads\/2021\/09\/Haters-H2-carrousel-3-2048x2048.png 2048w\" sizes=\"(max-width: 1024px) 100vw, 1024px\" \/><\/figure><\/div>\n<\/div>\n<\/div>\n\n\n\n<div class=\"wp-block-columns\">\n<div class=\"wp-block-column\">\n<div class=\"wp-block-image\"><figure class=\"aligncenter size-large\"><img loading=\"lazy\" width=\"1024\" height=\"1024\" src=\"https:\/\/memetic.media\/fabrica\/wp-content\/uploads\/2021\/09\/Haters-H2-carrousel-4-1024x1024.png\" alt=\"\" class=\"wp-image-1229\" srcset=\"https:\/\/memetic.media\/fabrica\/wp-content\/uploads\/2021\/09\/Haters-H2-carrousel-4-1024x1024.png 1024w, https:\/\/memetic.media\/fabrica\/wp-content\/uploads\/2021\/09\/Haters-H2-carrousel-4-300x300.png 300w, https:\/\/memetic.media\/fabrica\/wp-content\/uploads\/2021\/09\/Haters-H2-carrousel-4-150x150.png 150w, https:\/\/memetic.media\/fabrica\/wp-content\/uploads\/2021\/09\/Haters-H2-carrousel-4-768x768.png 768w, https:\/\/memetic.media\/fabrica\/wp-content\/uploads\/2021\/09\/Haters-H2-carrousel-4-1536x1536.png 1536w, https:\/\/memetic.media\/fabrica\/wp-content\/uploads\/2021\/09\/Haters-H2-carrousel-4-2048x2048.png 2048w\" sizes=\"(max-width: 1024px) 100vw, 1024px\" \/><\/figure><\/div>\n<\/div>\n\n\n\n<div class=\"wp-block-column\">\n<div class=\"wp-block-image\"><figure class=\"aligncenter size-large\"><img loading=\"lazy\" width=\"1024\" height=\"1024\" src=\"https:\/\/memetic.media\/fabrica\/wp-content\/uploads\/2021\/09\/Haters-H2-carrousel-5-1024x1024.png\" alt=\"\" class=\"wp-image-1230\" srcset=\"https:\/\/memetic.media\/fabrica\/wp-content\/uploads\/2021\/09\/Haters-H2-carrousel-5-1024x1024.png 1024w, https:\/\/memetic.media\/fabrica\/wp-content\/uploads\/2021\/09\/Haters-H2-carrousel-5-300x300.png 300w, https:\/\/memetic.media\/fabrica\/wp-content\/uploads\/2021\/09\/Haters-H2-carrousel-5-150x150.png 150w, https:\/\/memetic.media\/fabrica\/wp-content\/uploads\/2021\/09\/Haters-H2-carrousel-5-768x768.png 768w, https:\/\/memetic.media\/fabrica\/wp-content\/uploads\/2021\/09\/Haters-H2-carrousel-5-1536x1536.png 1536w, https:\/\/memetic.media\/fabrica\/wp-content\/uploads\/2021\/09\/Haters-H2-carrousel-5-2048x2048.png 2048w\" sizes=\"(max-width: 1024px) 100vw, 1024px\" \/><\/figure><\/div>\n<\/div>\n\n\n\n<div class=\"wp-block-column\">\n<div class=\"wp-block-image\"><figure class=\"aligncenter size-large\"><img loading=\"lazy\" width=\"1024\" height=\"1024\" src=\"https:\/\/memetic.media\/fabrica\/wp-content\/uploads\/2021\/09\/Haters-H2-carrousel-6-1024x1024.png\" alt=\"\" class=\"wp-image-1231\" srcset=\"https:\/\/memetic.media\/fabrica\/wp-content\/uploads\/2021\/09\/Haters-H2-carrousel-6-1024x1024.png 1024w, https:\/\/memetic.media\/fabrica\/wp-content\/uploads\/2021\/09\/Haters-H2-carrousel-6-300x300.png 300w, https:\/\/memetic.media\/fabrica\/wp-content\/uploads\/2021\/09\/Haters-H2-carrousel-6-150x150.png 150w, https:\/\/memetic.media\/fabrica\/wp-content\/uploads\/2021\/09\/Haters-H2-carrousel-6-768x768.png 768w, https:\/\/memetic.media\/fabrica\/wp-content\/uploads\/2021\/09\/Haters-H2-carrousel-6-1536x1536.png 1536w, https:\/\/memetic.media\/fabrica\/wp-content\/uploads\/2021\/09\/Haters-H2-carrousel-6-2048x2048.png 2048w\" sizes=\"(max-width: 1024px) 100vw, 1024px\" \/><\/figure><\/div>\n<\/div>\n<\/div>\n\n\n\n<p>Los talleres de cocreaci\u00f3n fueron muy \u00fatiles, en tanto permitieron la discusi\u00f3n en torno a qu\u00e9 historias contar, qu\u00e9 conceptos transmitir a la audiencia, c\u00f3mo articular con otras acciones y c\u00f3mo narrar con ilustraciones.<\/p>\n\n\n\n<div style=\"height:80px\" aria-hidden=\"true\" class=\"wp-block-spacer\"><\/div>\n\n\n\n<div class=\"wp-block-columns\">\n<div class=\"wp-block-column\">\n<div class=\"wp-block-image\"><figure class=\"aligncenter size-large\"><img loading=\"lazy\" width=\"819\" height=\"1024\" src=\"https:\/\/memetic.media\/fabrica\/wp-content\/uploads\/2021\/09\/Haters-Historia-2-Afiche_v3-819x1024.png\" alt=\"\" class=\"wp-image-1242\" srcset=\"https:\/\/memetic.media\/fabrica\/wp-content\/uploads\/2021\/09\/Haters-Historia-2-Afiche_v3-819x1024.png 819w, https:\/\/memetic.media\/fabrica\/wp-content\/uploads\/2021\/09\/Haters-Historia-2-Afiche_v3-240x300.png 240w, https:\/\/memetic.media\/fabrica\/wp-content\/uploads\/2021\/09\/Haters-Historia-2-Afiche_v3-768x960.png 768w, https:\/\/memetic.media\/fabrica\/wp-content\/uploads\/2021\/09\/Haters-Historia-2-Afiche_v3-1228x1536.png 1228w, https:\/\/memetic.media\/fabrica\/wp-content\/uploads\/2021\/09\/Haters-Historia-2-Afiche_v3-1638x2048.png 1638w\" sizes=\"(max-width: 819px) 100vw, 819px\" \/><\/figure><\/div>\n<\/div>\n\n\n\n<div class=\"wp-block-column\">\n<div class=\"wp-block-image\"><figure class=\"aligncenter size-large\"><img loading=\"lazy\" width=\"819\" height=\"1024\" src=\"https:\/\/memetic.media\/fabrica\/wp-content\/uploads\/2021\/09\/Haters-Historia-1-Afiche-03-819x1024.png\" alt=\"\" class=\"wp-image-1232\" srcset=\"https:\/\/memetic.media\/fabrica\/wp-content\/uploads\/2021\/09\/Haters-Historia-1-Afiche-03-819x1024.png 819w, https:\/\/memetic.media\/fabrica\/wp-content\/uploads\/2021\/09\/Haters-Historia-1-Afiche-03-240x300.png 240w, https:\/\/memetic.media\/fabrica\/wp-content\/uploads\/2021\/09\/Haters-Historia-1-Afiche-03-768x960.png 768w, https:\/\/memetic.media\/fabrica\/wp-content\/uploads\/2021\/09\/Haters-Historia-1-Afiche-03-1229x1536.png 1229w, https:\/\/memetic.media\/fabrica\/wp-content\/uploads\/2021\/09\/Haters-Historia-1-Afiche-03-1639x2048.png 1639w\" sizes=\"(max-width: 819px) 100vw, 819px\" \/><\/figure><\/div>\n<\/div>\n\n\n\n<div class=\"wp-block-column\">\n<div class=\"wp-block-image\"><figure class=\"aligncenter size-large\"><img loading=\"lazy\" width=\"819\" height=\"1024\" src=\"https:\/\/memetic.media\/fabrica\/wp-content\/uploads\/2021\/09\/Haters-infografia-Afiche_v4-819x1024.png\" alt=\"\" class=\"wp-image-1233\" srcset=\"https:\/\/memetic.media\/fabrica\/wp-content\/uploads\/2021\/09\/Haters-infografia-Afiche_v4-819x1024.png 819w, https:\/\/memetic.media\/fabrica\/wp-content\/uploads\/2021\/09\/Haters-infografia-Afiche_v4-240x300.png 240w, https:\/\/memetic.media\/fabrica\/wp-content\/uploads\/2021\/09\/Haters-infografia-Afiche_v4-768x960.png 768w, https:\/\/memetic.media\/fabrica\/wp-content\/uploads\/2021\/09\/Haters-infografia-Afiche_v4-1229x1536.png 1229w, https:\/\/memetic.media\/fabrica\/wp-content\/uploads\/2021\/09\/Haters-infografia-Afiche_v4-1639x2048.png 1639w\" sizes=\"(max-width: 819px) 100vw, 819px\" \/><\/figure><\/div>\n<\/div>\n<\/div>\n\n\n\n<p>Las historias visuales del D\u00eda del Padre contaron dos casos de padres que, en medio de la pandemia, encontraron diferentes sentidos al tiempo de cuidado y emprendieron acciones para tener una paternidad m\u00e1s cercana a su ideal.<\/p>\n\n\n\n<div style=\"height:80px\" aria-hidden=\"true\" class=\"wp-block-spacer\"><\/div>\n\n\n\n<div class=\"wp-block-columns\">\n<div class=\"wp-block-column\">\n<div class=\"wp-block-image\"><figure class=\"aligncenter size-large\"><img loading=\"lazy\" width=\"1024\" height=\"1024\" src=\"https:\/\/memetic.media\/fabrica\/wp-content\/uploads\/2021\/09\/Historia2-Carrousel-32-1024x1024.png\" alt=\"\" class=\"wp-image-1234\" srcset=\"https:\/\/memetic.media\/fabrica\/wp-content\/uploads\/2021\/09\/Historia2-Carrousel-32-1024x1024.png 1024w, https:\/\/memetic.media\/fabrica\/wp-content\/uploads\/2021\/09\/Historia2-Carrousel-32-300x300.png 300w, https:\/\/memetic.media\/fabrica\/wp-content\/uploads\/2021\/09\/Historia2-Carrousel-32-150x150.png 150w, https:\/\/memetic.media\/fabrica\/wp-content\/uploads\/2021\/09\/Historia2-Carrousel-32-768x768.png 768w, https:\/\/memetic.media\/fabrica\/wp-content\/uploads\/2021\/09\/Historia2-Carrousel-32-1536x1536.png 1536w, https:\/\/memetic.media\/fabrica\/wp-content\/uploads\/2021\/09\/Historia2-Carrousel-32-2048x2048.png 2048w\" sizes=\"(max-width: 1024px) 100vw, 1024px\" \/><\/figure><\/div>\n<\/div>\n\n\n\n<div class=\"wp-block-column\">\n<div class=\"wp-block-image\"><figure class=\"aligncenter size-large\"><img loading=\"lazy\" width=\"1024\" height=\"1024\" src=\"https:\/\/memetic.media\/fabrica\/wp-content\/uploads\/2021\/09\/Historia2-Carrousel-33-1024x1024.png\" alt=\"\" class=\"wp-image-1235\" srcset=\"https:\/\/memetic.media\/fabrica\/wp-content\/uploads\/2021\/09\/Historia2-Carrousel-33-1024x1024.png 1024w, https:\/\/memetic.media\/fabrica\/wp-content\/uploads\/2021\/09\/Historia2-Carrousel-33-300x300.png 300w, https:\/\/memetic.media\/fabrica\/wp-content\/uploads\/2021\/09\/Historia2-Carrousel-33-150x150.png 150w, https:\/\/memetic.media\/fabrica\/wp-content\/uploads\/2021\/09\/Historia2-Carrousel-33-768x768.png 768w, https:\/\/memetic.media\/fabrica\/wp-content\/uploads\/2021\/09\/Historia2-Carrousel-33-1536x1536.png 1536w, https:\/\/memetic.media\/fabrica\/wp-content\/uploads\/2021\/09\/Historia2-Carrousel-33-2048x2048.png 2048w\" sizes=\"(max-width: 1024px) 100vw, 1024px\" \/><\/figure><\/div>\n<\/div>\n\n\n\n<div class=\"wp-block-column\">\n<div class=\"wp-block-image\"><figure class=\"aligncenter size-large\"><img loading=\"lazy\" width=\"1024\" height=\"1024\" src=\"https:\/\/memetic.media\/fabrica\/wp-content\/uploads\/2021\/09\/Historia2-Carrousel-34-1024x1024.png\" alt=\"\" class=\"wp-image-1236\" srcset=\"https:\/\/memetic.media\/fabrica\/wp-content\/uploads\/2021\/09\/Historia2-Carrousel-34-1024x1024.png 1024w, https:\/\/memetic.media\/fabrica\/wp-content\/uploads\/2021\/09\/Historia2-Carrousel-34-300x300.png 300w, https:\/\/memetic.media\/fabrica\/wp-content\/uploads\/2021\/09\/Historia2-Carrousel-34-150x150.png 150w, https:\/\/memetic.media\/fabrica\/wp-content\/uploads\/2021\/09\/Historia2-Carrousel-34-768x768.png 768w, https:\/\/memetic.media\/fabrica\/wp-content\/uploads\/2021\/09\/Historia2-Carrousel-34-1536x1536.png 1536w, https:\/\/memetic.media\/fabrica\/wp-content\/uploads\/2021\/09\/Historia2-Carrousel-34-2048x2048.png 2048w\" sizes=\"(max-width: 1024px) 100vw, 1024px\" \/><\/figure><\/div>\n<\/div>\n<\/div>\n\n\n\n<div class=\"wp-block-columns\">\n<div class=\"wp-block-column\">\n<div class=\"wp-block-image\"><figure class=\"aligncenter size-large\"><img loading=\"lazy\" width=\"1024\" height=\"1024\" src=\"https:\/\/memetic.media\/fabrica\/wp-content\/uploads\/2021\/09\/Historia2-Carrousel-35-1024x1024.png\" alt=\"\" class=\"wp-image-1237\" srcset=\"https:\/\/memetic.media\/fabrica\/wp-content\/uploads\/2021\/09\/Historia2-Carrousel-35-1024x1024.png 1024w, https:\/\/memetic.media\/fabrica\/wp-content\/uploads\/2021\/09\/Historia2-Carrousel-35-300x300.png 300w, https:\/\/memetic.media\/fabrica\/wp-content\/uploads\/2021\/09\/Historia2-Carrousel-35-150x150.png 150w, https:\/\/memetic.media\/fabrica\/wp-content\/uploads\/2021\/09\/Historia2-Carrousel-35-768x768.png 768w, https:\/\/memetic.media\/fabrica\/wp-content\/uploads\/2021\/09\/Historia2-Carrousel-35-1536x1536.png 1536w, https:\/\/memetic.media\/fabrica\/wp-content\/uploads\/2021\/09\/Historia2-Carrousel-35-2048x2048.png 2048w\" sizes=\"(max-width: 1024px) 100vw, 1024px\" \/><\/figure><\/div>\n<\/div>\n\n\n\n<div class=\"wp-block-column\">\n<div class=\"wp-block-image\"><figure class=\"aligncenter size-large\"><img loading=\"lazy\" width=\"1024\" height=\"1024\" src=\"https:\/\/memetic.media\/fabrica\/wp-content\/uploads\/2021\/09\/Historia2-Carrousel-36-1024x1024.png\" alt=\"\" class=\"wp-image-1238\" srcset=\"https:\/\/memetic.media\/fabrica\/wp-content\/uploads\/2021\/09\/Historia2-Carrousel-36-1024x1024.png 1024w, https:\/\/memetic.media\/fabrica\/wp-content\/uploads\/2021\/09\/Historia2-Carrousel-36-300x300.png 300w, https:\/\/memetic.media\/fabrica\/wp-content\/uploads\/2021\/09\/Historia2-Carrousel-36-150x150.png 150w, https:\/\/memetic.media\/fabrica\/wp-content\/uploads\/2021\/09\/Historia2-Carrousel-36-768x768.png 768w, https:\/\/memetic.media\/fabrica\/wp-content\/uploads\/2021\/09\/Historia2-Carrousel-36-1536x1536.png 1536w, https:\/\/memetic.media\/fabrica\/wp-content\/uploads\/2021\/09\/Historia2-Carrousel-36-2048x2048.png 2048w\" sizes=\"(max-width: 1024px) 100vw, 1024px\" \/><\/figure><\/div>\n<\/div>\n<\/div>\n\n\n\n<p>Las historias del D\u00eda de Internet abordaron experiencias de personas que, ante la discriminaci\u00f3n y el discurso de odio, eligieron no esconderse y seguir con sus vidas digitales siguiendo el lema de la campa\u00f1a \u00abLo siento hater, lo que no te gusta de m\u00ed, a m\u00ed s\u00ed\u00bb.<\/p>\n\n\n\n<div style=\"height:80px\" aria-hidden=\"true\" class=\"wp-block-spacer\"><\/div>\n\n\n\n<div class=\"wp-block-columns\">\n<div class=\"wp-block-column\">\n<div class=\"wp-block-image\"><figure class=\"aligncenter size-large\"><img loading=\"lazy\" width=\"819\" height=\"1024\" src=\"https:\/\/memetic.media\/fabrica\/wp-content\/uploads\/2021\/09\/Historia2-DiaDelPadre-Unicef_v1-819x1024.png\" alt=\"\" class=\"wp-image-1239\" srcset=\"https:\/\/memetic.media\/fabrica\/wp-content\/uploads\/2021\/09\/Historia2-DiaDelPadre-Unicef_v1-819x1024.png 819w, https:\/\/memetic.media\/fabrica\/wp-content\/uploads\/2021\/09\/Historia2-DiaDelPadre-Unicef_v1-240x300.png 240w, https:\/\/memetic.media\/fabrica\/wp-content\/uploads\/2021\/09\/Historia2-DiaDelPadre-Unicef_v1-768x960.png 768w, https:\/\/memetic.media\/fabrica\/wp-content\/uploads\/2021\/09\/Historia2-DiaDelPadre-Unicef_v1-1229x1536.png 1229w, https:\/\/memetic.media\/fabrica\/wp-content\/uploads\/2021\/09\/Historia2-DiaDelPadre-Unicef_v1-1639x2048.png 1639w\" sizes=\"(max-width: 819px) 100vw, 819px\" \/><\/figure><\/div>\n<\/div>\n\n\n\n<div class=\"wp-block-column\">\n<div class=\"wp-block-image\"><figure class=\"aligncenter size-large\"><img loading=\"lazy\" width=\"820\" height=\"1024\" src=\"https:\/\/memetic.media\/fabrica\/wp-content\/uploads\/2021\/09\/Historia1-Padres-Unicef_v1-820x1024.png\" alt=\"\" class=\"wp-image-1241\" srcset=\"https:\/\/memetic.media\/fabrica\/wp-content\/uploads\/2021\/09\/Historia1-Padres-Unicef_v1-820x1024.png 820w, https:\/\/memetic.media\/fabrica\/wp-content\/uploads\/2021\/09\/Historia1-Padres-Unicef_v1-240x300.png 240w, https:\/\/memetic.media\/fabrica\/wp-content\/uploads\/2021\/09\/Historia1-Padres-Unicef_v1-768x959.png 768w, https:\/\/memetic.media\/fabrica\/wp-content\/uploads\/2021\/09\/Historia1-Padres-Unicef_v1-1229x1536.png 1229w, https:\/\/memetic.media\/fabrica\/wp-content\/uploads\/2021\/09\/Historia1-Padres-Unicef_v1-1639x2048.png 1639w\" sizes=\"(max-width: 820px) 100vw, 820px\" \/><\/figure><\/div>\n<\/div>\n<\/div>\n","protected":false},"excerpt":{"rendered":"<p>Contamos casos reales para conmemorar los d\u00edas del padre y de internet, con Unicef Argentina (2021).<\/p>\n","protected":false},"featured_media":1171,"template":"","categories":[15,10,12],"tags":[],"acf":[],"_links":{"self":[{"href":"https:\/\/memetic.media\/fabrica\/wp-json\/wp\/v2\/proyecto\/1121"}],"collection":[{"href":"https:\/\/memetic.media\/fabrica\/wp-json\/wp\/v2\/proyecto"}],"about":[{"href":"https:\/\/memetic.media\/fabrica\/wp-json\/wp\/v2\/types\/proyecto"}],"wp:featuredmedia":[{"embeddable":true,"href":"https:\/\/memetic.media\/fabrica\/wp-json\/wp\/v2\/media\/1171"}],"wp:attachment":[{"href":"https:\/\/memetic.media\/fabrica\/wp-json\/wp\/v2\/media?parent=1121"}],"wp:term":[{"taxonomy":"category","embeddable":true,"href":"https:\/\/memetic.media\/fabrica\/wp-json\/wp\/v2\/categories?post=1121"},{"taxonomy":"post_tag","embeddable":true,"href":"https:\/\/memetic.media\/fabrica\/wp-json\/wp\/v2\/tags?post=1121"}],"curies":[{"name":"wp","href":"https:\/\/api.w.org\/{rel}","templated":true}]}}