{"id":1391,"date":"2022-08-08T13:49:27","date_gmt":"2022-08-08T17:49:27","guid":{"rendered":"https:\/\/memetic.media\/fabrica\/?post_type=proyecto&#038;p=1391"},"modified":"2022-08-08T14:21:36","modified_gmt":"2022-08-08T18:21:36","slug":"rebranding-para-tedic-tecnologia-y-derechos-humanos","status":"publish","type":"proyecto","link":"https:\/\/memetic.media\/fabrica\/proyecto\/rebranding-para-tedic-tecnologia-y-derechos-humanos\/","title":{"rendered":"Rebranding para Tedic"},"content":{"rendered":"\n<div class=\"wp-block-columns\">\n<div class=\"wp-block-column\"><\/div>\n<\/div>\n\n\n\n<p class=\"has-drop-cap\">La organizaci\u00f3n de derechos humanos y tecnolog\u00eda cumple 10 a\u00f1os este 2022 y decidi\u00f3 replantear su identidad visual. La organizaci\u00f3n, basada en Asunci\u00f3n, se dedica a promover los derechos digitales y la cultura libre en internet, genera espacios de intercambio y desarrollo de herramientas con c\u00f3digo abierto, apoyado en un trabajo de comunicaci\u00f3n e incidencia innovadora.<\/p>\n\n\n\n<div class=\"wp-block-columns\">\n<div class=\"wp-block-column\">\n<figure class=\"wp-block-image size-full\"><img loading=\"lazy\" width=\"1000\" height=\"1000\" src=\"https:\/\/memetic.media\/fabrica\/wp-content\/uploads\/2022\/08\/Caso-Tedic-WebBB_Mesa-de-trabajo-1-copia-22.png\" alt=\"\" class=\"wp-image-1410\" srcset=\"https:\/\/memetic.media\/fabrica\/wp-content\/uploads\/2022\/08\/Caso-Tedic-WebBB_Mesa-de-trabajo-1-copia-22.png 1000w, https:\/\/memetic.media\/fabrica\/wp-content\/uploads\/2022\/08\/Caso-Tedic-WebBB_Mesa-de-trabajo-1-copia-22-300x300.png 300w, https:\/\/memetic.media\/fabrica\/wp-content\/uploads\/2022\/08\/Caso-Tedic-WebBB_Mesa-de-trabajo-1-copia-22-150x150.png 150w, https:\/\/memetic.media\/fabrica\/wp-content\/uploads\/2022\/08\/Caso-Tedic-WebBB_Mesa-de-trabajo-1-copia-22-768x768.png 768w\" sizes=\"(max-width: 1000px) 100vw, 1000px\" \/><\/figure>\n<\/div>\n\n\n\n<div class=\"wp-block-column\">\n<figure class=\"wp-block-image size-full\"><img loading=\"lazy\" width=\"1000\" height=\"1000\" src=\"https:\/\/memetic.media\/fabrica\/wp-content\/uploads\/2022\/08\/Caso-Tedic-WebBB_Mesa-de-trabajo-1-copia-23.png\" alt=\"\" class=\"wp-image-1411\" srcset=\"https:\/\/memetic.media\/fabrica\/wp-content\/uploads\/2022\/08\/Caso-Tedic-WebBB_Mesa-de-trabajo-1-copia-23.png 1000w, https:\/\/memetic.media\/fabrica\/wp-content\/uploads\/2022\/08\/Caso-Tedic-WebBB_Mesa-de-trabajo-1-copia-23-300x300.png 300w, https:\/\/memetic.media\/fabrica\/wp-content\/uploads\/2022\/08\/Caso-Tedic-WebBB_Mesa-de-trabajo-1-copia-23-150x150.png 150w, https:\/\/memetic.media\/fabrica\/wp-content\/uploads\/2022\/08\/Caso-Tedic-WebBB_Mesa-de-trabajo-1-copia-23-768x768.png 768w\" sizes=\"(max-width: 1000px) 100vw, 1000px\" \/><\/figure>\n<\/div>\n\n\n\n<div class=\"wp-block-column\">\n<figure class=\"wp-block-image size-full\"><img loading=\"lazy\" width=\"1000\" height=\"1000\" src=\"https:\/\/memetic.media\/fabrica\/wp-content\/uploads\/2022\/08\/Caso-Tedic-WebBB_Mesa-de-trabajo-1-copia-24.png\" alt=\"\" class=\"wp-image-1412\" srcset=\"https:\/\/memetic.media\/fabrica\/wp-content\/uploads\/2022\/08\/Caso-Tedic-WebBB_Mesa-de-trabajo-1-copia-24.png 1000w, https:\/\/memetic.media\/fabrica\/wp-content\/uploads\/2022\/08\/Caso-Tedic-WebBB_Mesa-de-trabajo-1-copia-24-300x300.png 300w, https:\/\/memetic.media\/fabrica\/wp-content\/uploads\/2022\/08\/Caso-Tedic-WebBB_Mesa-de-trabajo-1-copia-24-150x150.png 150w, https:\/\/memetic.media\/fabrica\/wp-content\/uploads\/2022\/08\/Caso-Tedic-WebBB_Mesa-de-trabajo-1-copia-24-768x768.png 768w\" sizes=\"(max-width: 1000px) 100vw, 1000px\" \/><\/figure>\n<\/div>\n<\/div>\n\n\n\n<p>Como al arranque del proceso ya se contaba con bastante informaci\u00f3n trabajada al interno de la organizaci\u00f3n en su plan operativo, el taller de co-creaci\u00f3n se centr\u00f3 en el trabajo de creatividad colectiva. Los responsables de Tedic le dedicaron un par de horas a jugar con conceptos, sensaciones, referencias culturales que pod\u00edan asociarse a su organizaci\u00f3n y a c\u00f3mo puede identificarse en el futuro.<\/p>\n\n\n\n<div class=\"wp-block-columns\">\n<div class=\"wp-block-column\">\n<figure class=\"wp-block-image size-large\"><img loading=\"lazy\" width=\"1024\" height=\"1024\" src=\"https:\/\/memetic.media\/fabrica\/wp-content\/uploads\/2022\/08\/Caso-Tedic_Mesa-de-trabajo-1-copia-8-1024x1024.png\" alt=\"\" class=\"wp-image-1394\" srcset=\"https:\/\/memetic.media\/fabrica\/wp-content\/uploads\/2022\/08\/Caso-Tedic_Mesa-de-trabajo-1-copia-8-1024x1024.png 1024w, https:\/\/memetic.media\/fabrica\/wp-content\/uploads\/2022\/08\/Caso-Tedic_Mesa-de-trabajo-1-copia-8-300x300.png 300w, https:\/\/memetic.media\/fabrica\/wp-content\/uploads\/2022\/08\/Caso-Tedic_Mesa-de-trabajo-1-copia-8-150x150.png 150w, https:\/\/memetic.media\/fabrica\/wp-content\/uploads\/2022\/08\/Caso-Tedic_Mesa-de-trabajo-1-copia-8-768x768.png 768w, https:\/\/memetic.media\/fabrica\/wp-content\/uploads\/2022\/08\/Caso-Tedic_Mesa-de-trabajo-1-copia-8-1536x1536.png 1536w, https:\/\/memetic.media\/fabrica\/wp-content\/uploads\/2022\/08\/Caso-Tedic_Mesa-de-trabajo-1-copia-8-2048x2048.png 2048w\" sizes=\"(max-width: 1024px) 100vw, 1024px\" \/><\/figure>\n<\/div>\n\n\n\n<div class=\"wp-block-column\">\n<figure class=\"wp-block-image size-large\"><img loading=\"lazy\" width=\"1024\" height=\"1024\" src=\"https:\/\/memetic.media\/fabrica\/wp-content\/uploads\/2022\/08\/Caso-Tedic_Mesa-de-trabajo-1-copia-9-1024x1024.png\" alt=\"\" class=\"wp-image-1395\" srcset=\"https:\/\/memetic.media\/fabrica\/wp-content\/uploads\/2022\/08\/Caso-Tedic_Mesa-de-trabajo-1-copia-9-1024x1024.png 1024w, https:\/\/memetic.media\/fabrica\/wp-content\/uploads\/2022\/08\/Caso-Tedic_Mesa-de-trabajo-1-copia-9-300x300.png 300w, https:\/\/memetic.media\/fabrica\/wp-content\/uploads\/2022\/08\/Caso-Tedic_Mesa-de-trabajo-1-copia-9-150x150.png 150w, https:\/\/memetic.media\/fabrica\/wp-content\/uploads\/2022\/08\/Caso-Tedic_Mesa-de-trabajo-1-copia-9-768x768.png 768w, https:\/\/memetic.media\/fabrica\/wp-content\/uploads\/2022\/08\/Caso-Tedic_Mesa-de-trabajo-1-copia-9-1536x1536.png 1536w, https:\/\/memetic.media\/fabrica\/wp-content\/uploads\/2022\/08\/Caso-Tedic_Mesa-de-trabajo-1-copia-9-2048x2048.png 2048w\" sizes=\"(max-width: 1024px) 100vw, 1024px\" \/><\/figure>\n<\/div>\n\n\n\n<div class=\"wp-block-column\">\n<figure class=\"wp-block-image size-large\"><img loading=\"lazy\" width=\"1024\" height=\"1024\" src=\"https:\/\/memetic.media\/fabrica\/wp-content\/uploads\/2022\/08\/Caso-Tedic_Mesa-de-trabajo-1-copia-11-1024x1024.png\" alt=\"\" class=\"wp-image-1396\" srcset=\"https:\/\/memetic.media\/fabrica\/wp-content\/uploads\/2022\/08\/Caso-Tedic_Mesa-de-trabajo-1-copia-11-1024x1024.png 1024w, https:\/\/memetic.media\/fabrica\/wp-content\/uploads\/2022\/08\/Caso-Tedic_Mesa-de-trabajo-1-copia-11-300x300.png 300w, https:\/\/memetic.media\/fabrica\/wp-content\/uploads\/2022\/08\/Caso-Tedic_Mesa-de-trabajo-1-copia-11-150x150.png 150w, https:\/\/memetic.media\/fabrica\/wp-content\/uploads\/2022\/08\/Caso-Tedic_Mesa-de-trabajo-1-copia-11-768x768.png 768w, https:\/\/memetic.media\/fabrica\/wp-content\/uploads\/2022\/08\/Caso-Tedic_Mesa-de-trabajo-1-copia-11-1536x1536.png 1536w, https:\/\/memetic.media\/fabrica\/wp-content\/uploads\/2022\/08\/Caso-Tedic_Mesa-de-trabajo-1-copia-11-2048x2048.png 2048w\" sizes=\"(max-width: 1024px) 100vw, 1024px\" \/><\/figure>\n<\/div>\n<\/div>\n\n\n\n<p>Con los insumos m\u00e1s racionales del plan operativo y los m\u00e1s emocionales del taller, se trabaj\u00f3 en una propuesta de dise\u00f1o con objetivos conceptuales claros: la marca debe identificar una organizaci\u00f3n de vanguardia en su medio, que se ubica en la intersecci\u00f3n entre tecnolog\u00eda y su relaci\u00f3n con las personas y sus derechos. Se trabaj\u00f3 el logo y el entorno con una estrategia de contraste con el entorno: sencillez y limpieza en un ambiente de gr\u00e1fica digital que emula la inteligencia artificial. Esta combinaci\u00f3n deber\u00eda ser lo suficientemente flexible para el abanico de necesidades de comunicaci\u00f3n y mantener coherencia a lo largo del tiempo.<\/p>\n\n\n\n<div class=\"wp-block-columns\">\n<div class=\"wp-block-column\">\n<figure class=\"wp-block-image size-large\"><img loading=\"lazy\" width=\"1024\" height=\"1024\" src=\"https:\/\/memetic.media\/fabrica\/wp-content\/uploads\/2022\/08\/Caso-Tedic_Mesa-de-trabajo-1-copia-7-1024x1024.png\" alt=\"\" class=\"wp-image-1397\" srcset=\"https:\/\/memetic.media\/fabrica\/wp-content\/uploads\/2022\/08\/Caso-Tedic_Mesa-de-trabajo-1-copia-7-1024x1024.png 1024w, https:\/\/memetic.media\/fabrica\/wp-content\/uploads\/2022\/08\/Caso-Tedic_Mesa-de-trabajo-1-copia-7-300x300.png 300w, https:\/\/memetic.media\/fabrica\/wp-content\/uploads\/2022\/08\/Caso-Tedic_Mesa-de-trabajo-1-copia-7-150x150.png 150w, https:\/\/memetic.media\/fabrica\/wp-content\/uploads\/2022\/08\/Caso-Tedic_Mesa-de-trabajo-1-copia-7-768x768.png 768w, https:\/\/memetic.media\/fabrica\/wp-content\/uploads\/2022\/08\/Caso-Tedic_Mesa-de-trabajo-1-copia-7-1536x1536.png 1536w, https:\/\/memetic.media\/fabrica\/wp-content\/uploads\/2022\/08\/Caso-Tedic_Mesa-de-trabajo-1-copia-7-2048x2048.png 2048w\" sizes=\"(max-width: 1024px) 100vw, 1024px\" \/><\/figure>\n<\/div>\n\n\n\n<div class=\"wp-block-column\">\n<figure class=\"wp-block-image size-large\"><img loading=\"lazy\" width=\"1024\" height=\"1024\" src=\"https:\/\/memetic.media\/fabrica\/wp-content\/uploads\/2022\/08\/Caso-Tedic_Mesa-de-trabajo-1-copia-15-1024x1024.png\" alt=\"\" class=\"wp-image-1398\" srcset=\"https:\/\/memetic.media\/fabrica\/wp-content\/uploads\/2022\/08\/Caso-Tedic_Mesa-de-trabajo-1-copia-15-1024x1024.png 1024w, https:\/\/memetic.media\/fabrica\/wp-content\/uploads\/2022\/08\/Caso-Tedic_Mesa-de-trabajo-1-copia-15-300x300.png 300w, https:\/\/memetic.media\/fabrica\/wp-content\/uploads\/2022\/08\/Caso-Tedic_Mesa-de-trabajo-1-copia-15-150x150.png 150w, https:\/\/memetic.media\/fabrica\/wp-content\/uploads\/2022\/08\/Caso-Tedic_Mesa-de-trabajo-1-copia-15-768x768.png 768w, https:\/\/memetic.media\/fabrica\/wp-content\/uploads\/2022\/08\/Caso-Tedic_Mesa-de-trabajo-1-copia-15-1536x1536.png 1536w, https:\/\/memetic.media\/fabrica\/wp-content\/uploads\/2022\/08\/Caso-Tedic_Mesa-de-trabajo-1-copia-15-2048x2048.png 2048w\" sizes=\"(max-width: 1024px) 100vw, 1024px\" \/><\/figure>\n<\/div>\n\n\n\n<div class=\"wp-block-column\">\n<figure class=\"wp-block-image size-large\"><img loading=\"lazy\" width=\"1024\" height=\"1024\" src=\"https:\/\/memetic.media\/fabrica\/wp-content\/uploads\/2022\/08\/Caso-Tedic_Mesa-de-trabajo-1-copia-6-1024x1024.png\" alt=\"\" class=\"wp-image-1399\" srcset=\"https:\/\/memetic.media\/fabrica\/wp-content\/uploads\/2022\/08\/Caso-Tedic_Mesa-de-trabajo-1-copia-6-1024x1024.png 1024w, https:\/\/memetic.media\/fabrica\/wp-content\/uploads\/2022\/08\/Caso-Tedic_Mesa-de-trabajo-1-copia-6-300x300.png 300w, https:\/\/memetic.media\/fabrica\/wp-content\/uploads\/2022\/08\/Caso-Tedic_Mesa-de-trabajo-1-copia-6-150x150.png 150w, https:\/\/memetic.media\/fabrica\/wp-content\/uploads\/2022\/08\/Caso-Tedic_Mesa-de-trabajo-1-copia-6-768x768.png 768w, https:\/\/memetic.media\/fabrica\/wp-content\/uploads\/2022\/08\/Caso-Tedic_Mesa-de-trabajo-1-copia-6-1536x1536.png 1536w, https:\/\/memetic.media\/fabrica\/wp-content\/uploads\/2022\/08\/Caso-Tedic_Mesa-de-trabajo-1-copia-6-2048x2048.png 2048w\" sizes=\"(max-width: 1024px) 100vw, 1024px\" \/><\/figure>\n<\/div>\n<\/div>\n\n\n\n<p>El resultado aporta un aprendizaje importante en el \u00e1rea espec\u00edfica del dise\u00f1o. Luego de un tiempo de investigaci\u00f3n en gr\u00e1fica generada por inteligencia artificial, se tom\u00f3 la decisi\u00f3n de un entorno visual generado por un humano llevando al l\u00edmite una herramienta de dise\u00f1o convencional. En primer lugar, permiti\u00f3 mayor control de las variables de color, usabilidad y est\u00e9tica final de las gr\u00e1ficas de entorno. En segundo lugar, se trata de una inteligencia artificial menos convencional, la de un software siendo puesto a prueba en su capacidad de combinaciones de elementos pero con un ojo entrenado ejercitando el ensayo y error.&nbsp;<\/p>\n\n\n\n<p><em>\u00abTuvimos una comunicaci\u00f3n asertiva y de escucha activa para lograr la identidad nueva que est\u00e1bamos buscando. El aprendizaje fue construir una proyecci\u00f3n de la identidad de forma colectiva y con la orientaci\u00f3n de los expertos de la F\u00e1brica. Estamos muy satisfechas por el resultado.\u00bb<\/em><\/p>\n\n\n\n<p><strong>Maricarmen Sequera y Eduardo Carrillo, directores de TEDIC<\/strong><\/p>\n","protected":false},"excerpt":{"rendered":"<p>Actualizamos la imagen institucional de la organizaci\u00f3n dedicada a tecnolog\u00eda y derechos humanos por sus 10 a\u00f1os.<\/p>\n","protected":false},"featured_media":1400,"template":"","categories":[10],"tags":[],"acf":[],"_links":{"self":[{"href":"https:\/\/memetic.media\/fabrica\/wp-json\/wp\/v2\/proyecto\/1391"}],"collection":[{"href":"https:\/\/memetic.media\/fabrica\/wp-json\/wp\/v2\/proyecto"}],"about":[{"href":"https:\/\/memetic.media\/fabrica\/wp-json\/wp\/v2\/types\/proyecto"}],"wp:featuredmedia":[{"embeddable":true,"href":"https:\/\/memetic.media\/fabrica\/wp-json\/wp\/v2\/media\/1400"}],"wp:attachment":[{"href":"https:\/\/memetic.media\/fabrica\/wp-json\/wp\/v2\/media?parent=1391"}],"wp:term":[{"taxonomy":"category","embeddable":true,"href":"https:\/\/memetic.media\/fabrica\/wp-json\/wp\/v2\/categories?post=1391"},{"taxonomy":"post_tag","embeddable":true,"href":"https:\/\/memetic.media\/fabrica\/wp-json\/wp\/v2\/tags?post=1391"}],"curies":[{"name":"wp","href":"https:\/\/api.w.org\/{rel}","templated":true}]}}