{"id":1457,"date":"2023-10-30T17:40:25","date_gmt":"2023-10-30T21:40:25","guid":{"rendered":"https:\/\/memetic.media\/fabrica\/?post_type=proyecto&#038;p=1457"},"modified":"2024-02-14T17:43:37","modified_gmt":"2024-02-14T21:43:37","slug":"herramientas-para-desarmar-el-odio","status":"publish","type":"proyecto","link":"https:\/\/memetic.media\/fabrica\/proyecto\/herramientas-para-desarmar-el-odio\/","title":{"rendered":"Herramientas para desarmar el odio"},"content":{"rendered":"\n<p><\/p>\n\n\n\n<p><\/p>\n\n\n\n<h2 class=\"has-text-align-center\">Al odio lo combatimos con informaci\u00f3n verificada y amor<\/h2>\n\n\n\n<p class=\"has-text-align-center\">La Doctora Odio, personaje creado espec\u00edficamente para combatir los discursos de odio generados en Twitter (X), dio c\u00e1tedra a \u201codiantes\u201d e indecisos de forma pr\u00e1ctica y pedag\u00f3gica, para entender e identificar\u00a0la violencia digital, los discursos de odio y la desinformaci\u00f3n de g\u00e9nero.\u00a0\u00a0<\/p>\n\n\n\n<div class=\"wp-block-image\"><figure class=\"aligncenter size-large is-resized\"><img loading=\"lazy\" src=\"https:\/\/memetic.media\/fabrica\/wp-content\/uploads\/2024\/02\/01-Portadas-726x1024.jpg\" alt=\"\" class=\"wp-image-1490\" width=\"545\" height=\"768\" srcset=\"https:\/\/memetic.media\/fabrica\/wp-content\/uploads\/2024\/02\/01-Portadas-726x1024.jpg 726w, https:\/\/memetic.media\/fabrica\/wp-content\/uploads\/2024\/02\/01-Portadas-213x300.jpg 213w, https:\/\/memetic.media\/fabrica\/wp-content\/uploads\/2024\/02\/01-Portadas-768x1083.jpg 768w, https:\/\/memetic.media\/fabrica\/wp-content\/uploads\/2024\/02\/01-Portadas-1090x1536.jpg 1090w, https:\/\/memetic.media\/fabrica\/wp-content\/uploads\/2024\/02\/01-Portadas.jpg 1240w\" sizes=\"(max-width: 545px) 100vw, 545px\" \/><figcaption><a href=\"https:\/\/drive.google.com\/open?id=17lwx1qRALFGRmQJswa3jxCbdx75X0Xn-&amp;usp=drive_fs\"><strong>Descarga aqu\u00ed<\/strong><\/a><\/figcaption><\/figure><\/div>\n\n\n\n<h3 class=\"has-text-align-center\">Periodismo independiente para enfrentar la desinformaci\u00f3n electoral<\/h3>\n\n\n\n<p class=\"has-text-align-center\">Implementando la metodolog\u00eda del<em> rumor tracking<\/em>, el medio digital El Surtidor monitore\u00f3 discursos de odio y desinformaci\u00f3n de g\u00e9nero alrededor de las Elecciones Generales 2023 con apoyo de su audiencia y combati\u00f3 los rumores publicando informaci\u00f3n verificada en su secci\u00f3n La Precisa.&nbsp;<\/p>\n\n\n\n<div class=\"wp-block-image\"><figure class=\"aligncenter size-large is-resized\"><img loading=\"lazy\" src=\"https:\/\/memetic.media\/fabrica\/wp-content\/uploads\/2024\/02\/01-Portadas2-726x1024.jpg\" alt=\"\" class=\"wp-image-1492\" width=\"545\" height=\"768\" srcset=\"https:\/\/memetic.media\/fabrica\/wp-content\/uploads\/2024\/02\/01-Portadas2-726x1024.jpg 726w, https:\/\/memetic.media\/fabrica\/wp-content\/uploads\/2024\/02\/01-Portadas2-213x300.jpg 213w, https:\/\/memetic.media\/fabrica\/wp-content\/uploads\/2024\/02\/01-Portadas2-768x1083.jpg 768w, https:\/\/memetic.media\/fabrica\/wp-content\/uploads\/2024\/02\/01-Portadas2-1090x1536.jpg 1090w, https:\/\/memetic.media\/fabrica\/wp-content\/uploads\/2024\/02\/01-Portadas2.jpg 1240w\" sizes=\"(max-width: 545px) 100vw, 545px\" \/><figcaption><strong><a href=\"https:\/\/drive.google.com\/open?id=17n0EK03RF3Jd0WVInzkM4kxd46m6Yr0t&amp;usp=drive_fs\">Descarga aqu\u00ed<\/a><\/strong><\/figcaption><\/figure><\/div>\n\n\n\n<h3 class=\"has-text-align-center\">Alianzas estrat\u00e9gicas para desactivar discursos de odio<\/h3>\n\n\n\n<p class=\"has-text-align-center\">Acercando capacitaci\u00f3n, mentor\u00eda personalizada y becas a periodistas de medios alternativos y comerciales, fueron producidos diferentes materiales transmedia: desde reportajes, pasando por un audiovisual, un p\u00f3dcast y un c\u00f3mic, hasta una gu\u00eda sobre c\u00f3mo hacer frente a los discursos de odio en l\u00ednea.\u00a0\u00a0<\/p>\n\n\n\n<div class=\"wp-block-image\"><figure class=\"aligncenter size-large is-resized\"><img loading=\"lazy\" src=\"https:\/\/memetic.media\/fabrica\/wp-content\/uploads\/2024\/02\/01-Portadas3-726x1024.jpg\" alt=\"\" class=\"wp-image-1493\" width=\"545\" height=\"768\" srcset=\"https:\/\/memetic.media\/fabrica\/wp-content\/uploads\/2024\/02\/01-Portadas3-726x1024.jpg 726w, https:\/\/memetic.media\/fabrica\/wp-content\/uploads\/2024\/02\/01-Portadas3-213x300.jpg 213w, https:\/\/memetic.media\/fabrica\/wp-content\/uploads\/2024\/02\/01-Portadas3-768x1083.jpg 768w, https:\/\/memetic.media\/fabrica\/wp-content\/uploads\/2024\/02\/01-Portadas3-1090x1536.jpg 1090w, https:\/\/memetic.media\/fabrica\/wp-content\/uploads\/2024\/02\/01-Portadas3.jpg 1240w\" sizes=\"(max-width: 545px) 100vw, 545px\" \/><figcaption><a href=\"https:\/\/drive.google.com\/open?id=17n6Aj1rVxLR2Th2B4azMinkpdScUmKW_&amp;usp=drive_fs\">Descarga aqu\u00ed<\/a><\/figcaption><\/figure><\/div>\n","protected":false},"excerpt":{"rendered":"<p>Aqu\u00ed pod\u00e9s descargar para imprimir, usar y compartir tres fanzines contra la desinformaci\u00f3n y los discursos de odio.<\/p>\n","protected":false},"featured_media":1489,"template":"","categories":[],"tags":[],"acf":[],"_links":{"self":[{"href":"https:\/\/memetic.media\/fabrica\/wp-json\/wp\/v2\/proyecto\/1457"}],"collection":[{"href":"https:\/\/memetic.media\/fabrica\/wp-json\/wp\/v2\/proyecto"}],"about":[{"href":"https:\/\/memetic.media\/fabrica\/wp-json\/wp\/v2\/types\/proyecto"}],"wp:featuredmedia":[{"embeddable":true,"href":"https:\/\/memetic.media\/fabrica\/wp-json\/wp\/v2\/media\/1489"}],"wp:attachment":[{"href":"https:\/\/memetic.media\/fabrica\/wp-json\/wp\/v2\/media?parent=1457"}],"wp:term":[{"taxonomy":"category","embeddable":true,"href":"https:\/\/memetic.media\/fabrica\/wp-json\/wp\/v2\/categories?post=1457"},{"taxonomy":"post_tag","embeddable":true,"href":"https:\/\/memetic.media\/fabrica\/wp-json\/wp\/v2\/tags?post=1457"}],"curies":[{"name":"wp","href":"https:\/\/api.w.org\/{rel}","templated":true}]}}