{"id":1498,"date":"2024-02-20T11:49:25","date_gmt":"2024-02-20T15:49:25","guid":{"rendered":"https:\/\/memetic.media\/fabrica\/?post_type=proyecto&#038;p=1498"},"modified":"2024-02-21T09:40:14","modified_gmt":"2024-02-21T13:40:14","slug":"ventanas-abiertas-a-la-verdad-y-la-belleza","status":"publish","type":"proyecto","link":"https:\/\/memetic.media\/fabrica\/proyecto\/ventanas-abiertas-a-la-verdad-y-la-belleza\/","title":{"rendered":"Ventanas abiertas a la verdad y la belleza"},"content":{"rendered":"\n<p>\u00bfPor qu\u00e9, cuando la velocidad de la informaci\u00f3n define esta \u00e9poca, invertir tiempo y esfuerzos en publicar un libro complejo? \u00bfQu\u00e9 lleva a embarcarse en un proyecto editorial pretencioso en un pa\u00eds en que la lectura no es costumbre masiva? Por varias razones, pero la principal quiz\u00e1 sea que las generaciones actuales merecen <a href=\"https:\/\/ventanasabiertas.org.py\/\">documentos de calidad <\/a>que le permitan reinterpretar nuestra historia reciente para proyectar su futuro. Porque un libro no solo es la extensi\u00f3n de nuestra memoria, tambi\u00e9n lo es de nuestra imaginaci\u00f3n.<\/p>\n\n\n\n<p>Este proyecto tiene el desaf\u00edo de retomar el trabajo de generaciones anteriores y traducirlo para las actuales. Su objetivo es valorizar la documentaci\u00f3n de nuestra historia reciente, frente a ret\u00f3ricas que tergiversan y manipulan. As\u00ed como lo hicieron miles de personas durante y despu\u00e9s de la dictadura, este libro se enfrenta al autoritarismo y a las mentiras con belleza y verdad.<\/p>\n\n\n\n<div style=\"height:48px\" aria-hidden=\"true\" class=\"wp-block-spacer\"><\/div>\n\n\n\n<div class=\"wp-block-image\"><figure class=\"aligncenter size-full\"><img loading=\"lazy\" width=\"848\" height=\"473\" src=\"https:\/\/memetic.media\/fabrica\/wp-content\/uploads\/2024\/02\/00-meta-seccion-datos.jpg\" alt=\"\" class=\"wp-image-1501\" srcset=\"https:\/\/memetic.media\/fabrica\/wp-content\/uploads\/2024\/02\/00-meta-seccion-datos.jpg 848w, https:\/\/memetic.media\/fabrica\/wp-content\/uploads\/2024\/02\/00-meta-seccion-datos-300x167.jpg 300w, https:\/\/memetic.media\/fabrica\/wp-content\/uploads\/2024\/02\/00-meta-seccion-datos-768x428.jpg 768w\" sizes=\"(max-width: 848px) 100vw, 848px\" \/><\/figure><\/div>\n\n\n\n<div style=\"height:60px\" aria-hidden=\"true\" class=\"wp-block-spacer\"><\/div>\n\n\n\n<p class=\"has-text-color\" style=\"color:#ec638b;font-size:32px\"><strong>El problema<\/strong><\/p>\n\n\n\n<p>El informe de la Comisi\u00f3n Verdad y Justicia de Paraguay es el documento oficial m\u00e1s importante sobre los cr\u00edmenes de la dictadura de 1954 a 1989. Su creaci\u00f3n fue sancionada por Ley y fue un gran logro de la sociedad civil en favor de la verdad y la memoria hist\u00f3rica. Luego de un trabajo de 4 a\u00f1os, se public\u00f3 en 2008. Sin embargo, su difusi\u00f3n no fue efectiva y la llegada a la sociedad fue deficiente. La inclusi\u00f3n en el curr\u00edculo educativo o su adaptaci\u00f3n a contenidos para medios de comunicaci\u00f3n masiva fueron recomendaciones del informe que no se siguieron.<\/p>\n\n\n\n<p>A quince a\u00f1os de su publicaci\u00f3n, Codehupy se uni\u00f3 a la F\u00e1brica Mem\u00e9tica para una nueva edici\u00f3n, una esencial, que traduce el contenido de este informe hist\u00f3rico a lenguajes accesibles, atractivos y contempor\u00e1neos. El primer producto de este proyecto es un libro que condensa la informaci\u00f3n del Informe CVJ en contenidos que dialogan entre s\u00ed y con enlaces externos, con el objetivo de llegar a audiencias j\u00f3venes. En tiempos de avances de fundamentalismos y negacionismos, es una apuesta por la verdad y el futuro.<\/p>\n\n\n\n<div style=\"height:48px\" aria-hidden=\"true\" class=\"wp-block-spacer\"><\/div>\n\n\n\n<div class=\"wp-block-image\"><figure class=\"aligncenter size-full\"><img loading=\"lazy\" width=\"850\" height=\"473\" src=\"https:\/\/memetic.media\/fabrica\/wp-content\/uploads\/2024\/02\/05-cortar-la-raiz.jpg\" alt=\"\" class=\"wp-image-1505\" srcset=\"https:\/\/memetic.media\/fabrica\/wp-content\/uploads\/2024\/02\/05-cortar-la-raiz.jpg 850w, https:\/\/memetic.media\/fabrica\/wp-content\/uploads\/2024\/02\/05-cortar-la-raiz-300x167.jpg 300w, https:\/\/memetic.media\/fabrica\/wp-content\/uploads\/2024\/02\/05-cortar-la-raiz-768x427.jpg 768w\" sizes=\"(max-width: 850px) 100vw, 850px\" \/><\/figure><\/div>\n\n\n\n<div style=\"height:59px\" aria-hidden=\"true\" class=\"wp-block-spacer\"><\/div>\n\n\n\n<p class=\"has-text-color\" style=\"color:#ec638b;font-size:32px\"><strong>El nombre<\/strong><\/p>\n\n\n\n<p>En Paraguay, decir que en tiempos de dictadura \u00abse dorm\u00eda con las ventanas abiertas\u00bb es la muletilla de los nost\u00e1lgicos del autoritarismo que, de tanto repetirse, se convirti\u00f3 en un meme burl\u00f3n. Una figura ret\u00f3rica que fue apropiada de tal manera por la poblaci\u00f3n joven que se usa como memes de redes sociales, como meme verbal o, incluso, hubo quien se disfraz\u00f3 de \u00abventana abierta\u00bb por Halloween.<\/p>\n\n\n\n<p>El equipo decidi\u00f3 apropiarse de la frase no solo porque remite autom\u00e1ticamente a ese tiempo hist\u00f3rico, sino tambi\u00e9n porque puede cambiar de significado r\u00e1pidamente y pasar a otras met\u00e1foras, como la de una ventana abierta al pasado y al futuro. O como escribe el prologuista Fabi\u00e1n Salvioli: \u00abUna ventana abierta no solamente se abre generosamente a la mirada exterior, tambi\u00e9n permite el ingreso de la luz y el aire, dos elementos fundamentales para la vida.\u00bb<\/p>\n\n\n\n<div style=\"height:48px\" aria-hidden=\"true\" class=\"wp-block-spacer\"><\/div>\n\n\n\n<div class=\"wp-block-image\"><figure class=\"aligncenter size-full\"><img loading=\"lazy\" width=\"850\" height=\"473\" src=\"https:\/\/memetic.media\/fabrica\/wp-content\/uploads\/2024\/02\/11-ellas-tambien-gritaron.jpg\" alt=\"\" class=\"wp-image-1506\" srcset=\"https:\/\/memetic.media\/fabrica\/wp-content\/uploads\/2024\/02\/11-ellas-tambien-gritaron.jpg 850w, https:\/\/memetic.media\/fabrica\/wp-content\/uploads\/2024\/02\/11-ellas-tambien-gritaron-300x167.jpg 300w, https:\/\/memetic.media\/fabrica\/wp-content\/uploads\/2024\/02\/11-ellas-tambien-gritaron-768x427.jpg 768w\" sizes=\"(max-width: 850px) 100vw, 850px\" \/><\/figure><\/div>\n\n\n\n<div style=\"height:60px\" aria-hidden=\"true\" class=\"wp-block-spacer\"><\/div>\n\n\n\n<p class=\"has-text-color\" style=\"color:#ec638b;font-size:32px\"><strong>Las personas y los contenidos<\/strong><\/p>\n\n\n\n<p>La primera apuesta de este proyecto fue conformar un equipo editor y de dise\u00f1o; y el rigor en el m\u00e9todo. Desde el inicio, las decisiones de texto y las de imagen se trabajaron en sincron\u00eda, ajust\u00e1ndose unas a otras. El concepto del proyecto, su nombre y cada uno de sus formatos responden a la pregunta:\u00bfc\u00f3mo puede llegar mejor el contenido a una audiencia joven? y el equipo editorial se conform\u00f3 con el mismo criterio de traducci\u00f3n intergeneracional del proyecto, son profesionales de diversas edades y experiencias.<\/p>\n\n\n\n<p>El coordinador general del proyecto, Hugo Valiente, propuso un concepto de libro \u00abnavegable\u00bb con una estructura de contenidos. El equipo editor junt\u00f3 referencias de libros con elementos interactivos y formatos innovadores para empezar a tomar decisiones colectivas, una de las caracter\u00edsticas de este proceso. Con un mapa de contenidos consensuado, se arranc\u00f3 la producci\u00f3n de los primeros ensayos en art\u00edculos, infograf\u00edas, c\u00f3mics, mapas de sitios y dise\u00f1o de p\u00e1ginas.\u00a0<\/p>\n\n\n\n<p>Los distintos formatos dialogan entre s\u00ed, tienen enlaces internos de navegaci\u00f3n casi l\u00fadicos, al estilo de <a href=\"https:\/\/es.wikipedia.org\/wiki\/Elige_tu_propia_aventura\"><em>Elige tu propia aventura<\/em><\/a>. Adem\u00e1s, tienen m\u00e1s de 50 c\u00f3digos QR a enlaces externos para acceder con el m\u00f3vil. As\u00ed, el libro se sale de su forma tradicional sin traicionarla y se vuelve un objeto contempor\u00e1neo de interacci\u00f3n de contenidos y formatos.<\/p>\n\n\n\n<div style=\"height:48px\" aria-hidden=\"true\" class=\"wp-block-spacer\"><\/div>\n\n\n\n<div class=\"wp-block-image\"><figure class=\"aligncenter size-full\"><img loading=\"lazy\" width=\"848\" height=\"473\" src=\"https:\/\/memetic.media\/fabrica\/wp-content\/uploads\/2024\/02\/00-meta-seccio\u0301n-lugares.jpg\" alt=\"\" class=\"wp-image-1507\" srcset=\"https:\/\/memetic.media\/fabrica\/wp-content\/uploads\/2024\/02\/00-meta-seccio\u0301n-lugares.jpg 848w, https:\/\/memetic.media\/fabrica\/wp-content\/uploads\/2024\/02\/00-meta-seccio\u0301n-lugares-300x167.jpg 300w, https:\/\/memetic.media\/fabrica\/wp-content\/uploads\/2024\/02\/00-meta-seccio\u0301n-lugares-768x428.jpg 768w\" sizes=\"(max-width: 848px) 100vw, 848px\" \/><\/figure><\/div>\n\n\n\n<div style=\"height:61px\" aria-hidden=\"true\" class=\"wp-block-spacer\"><\/div>\n\n\n\n<p class=\"has-text-color\" style=\"color:#ec638b;font-size:32px\"><strong>Los art\u00edculos\u00a0<\/strong><\/p>\n\n\n\n<p>La redacci\u00f3n de art\u00edculos recoge la informaci\u00f3n del Informe original y la traduce en un ejercicio de resumen y narrativa period\u00edstica. Los art\u00edculos no solo dan cuenta de los temas m\u00e1s importantes del documento oficial, sino que agregan comentarios \u2013debidamente marcados\u2013 m\u00e1s actuales, remitiendo a otros escritos, miradas posteriores, testimonios de protagonistas que ampl\u00edan las puertas de entrada y posibilidades de difusi\u00f3n.<\/p>\n\n\n\n<p>A modo de separadores entre contenidos, vemos fragmentos de poes\u00edas y canciones escritas en ese per\u00edodo hist\u00f3rico, con el convencimiento que el arte aporta una mirada muy necesaria para comprender las vivencias de esos tiempos, sus miedos, sus rabias y sus anhelos.<\/p>\n\n\n\n<div style=\"height:48px\" aria-hidden=\"true\" class=\"wp-block-spacer\"><\/div>\n\n\n\n<div class=\"wp-block-image\"><figure class=\"aligncenter size-large\"><img loading=\"lazy\" width=\"1024\" height=\"768\" src=\"https:\/\/memetic.media\/fabrica\/wp-content\/uploads\/2024\/02\/P2022058-1024x768.jpg\" alt=\"\" class=\"wp-image-1508\" srcset=\"https:\/\/memetic.media\/fabrica\/wp-content\/uploads\/2024\/02\/P2022058-1024x768.jpg 1024w, https:\/\/memetic.media\/fabrica\/wp-content\/uploads\/2024\/02\/P2022058-300x225.jpg 300w, https:\/\/memetic.media\/fabrica\/wp-content\/uploads\/2024\/02\/P2022058-768x576.jpg 768w, https:\/\/memetic.media\/fabrica\/wp-content\/uploads\/2024\/02\/P2022058-1536x1152.jpg 1536w, https:\/\/memetic.media\/fabrica\/wp-content\/uploads\/2024\/02\/P2022058-2048x1536.jpg 2048w\" sizes=\"(max-width: 1024px) 100vw, 1024px\" \/><\/figure><\/div>\n\n\n\n<div style=\"height:61px\" aria-hidden=\"true\" class=\"wp-block-spacer\"><\/div>\n\n\n\n<p class=\"has-text-color\" style=\"color:#ec638b;font-size:32px\"><strong>Los c\u00f3mics y las infograf\u00edas&nbsp;<\/strong><\/p>\n\n\n\n<p>La narrativa m\u00e1s visual se divide en dos lenguajes aparentemente opuestos, pero perfectamente complementarios. Los c\u00f3mics tienen una redacci\u00f3n narrativa de alta creatividad y se funden con ilustraciones muy potentes que apelan a las emociones. Cuentan historias espec\u00edficas, que permiten acercarse con humanidad a fen\u00f3menos mucho m\u00e1s grandes.&nbsp;<\/p>\n\n\n\n<p>En el otro extremo, las infograf\u00edas buscan transmitir de un pantallazo fen\u00f3menos enormes, ocurridos a lo largo de muchos a\u00f1os y a escala nacional. Es un acercamiento visual racional que, fr\u00edo en un primer momento, puede conmover en su detalle.<\/p>\n\n\n\n<div style=\"height:48px\" aria-hidden=\"true\" class=\"wp-block-spacer\"><\/div>\n\n\n\n<div class=\"wp-block-image\"><figure class=\"aligncenter size-full\"><img loading=\"lazy\" width=\"848\" height=\"473\" src=\"https:\/\/memetic.media\/fabrica\/wp-content\/uploads\/2024\/02\/00-Meta-seccion-comics.jpg\" alt=\"\" class=\"wp-image-1509\" srcset=\"https:\/\/memetic.media\/fabrica\/wp-content\/uploads\/2024\/02\/00-Meta-seccion-comics.jpg 848w, https:\/\/memetic.media\/fabrica\/wp-content\/uploads\/2024\/02\/00-Meta-seccion-comics-300x167.jpg 300w, https:\/\/memetic.media\/fabrica\/wp-content\/uploads\/2024\/02\/00-Meta-seccion-comics-768x428.jpg 768w\" sizes=\"(max-width: 848px) 100vw, 848px\" \/><\/figure><\/div>\n\n\n\n<div style=\"height:60px\" aria-hidden=\"true\" class=\"wp-block-spacer\"><\/div>\n\n\n\n<p class=\"has-text-color\" style=\"color:#ec638b;font-size:32px\"><strong>El prop\u00f3sito<\/strong><\/p>\n\n\n\n<p>En tiempos de comunicaci\u00f3n instant\u00e1nea, en que cualquier informaci\u00f3n es negada de antemano y la verdad se vuelve difusa, un libro bien editado tiene algo de aura; algo de peso espec\u00edfico. Su consumo pausado puede contrarrestar narrativas vertiginosas o disipar dudas genuinas. Adem\u00e1s, es id\u00f3neo para generar contenidos educativos en diferentes niveles, que permitan mayor apropiaci\u00f3n de la verdad hist\u00f3rica.<\/p>\n\n\n\n<p>En un pa\u00eds en que la memoria y la verdad son omitidas incluso por las instituciones estatales \u2013como parte de la herencia dictatorial\u2013, estas publicaciones pueden significar no solo la persistencia de la denuncia de los cr\u00edmenes de Estado, sino tambi\u00e9n el valor de la resistencia al autoritarismo de miles de compatriotas durante m\u00e1s de 35 a\u00f1os. Miles de personas que jam\u00e1s se rindieron a la sumisi\u00f3n que la tiran\u00eda pretendi\u00f3 de todos nosotros.<\/p>\n\n\n\n<p>El libro f\u00edsico y <a href=\"https:\/\/ventanasabiertas.org.py\/\">digital<\/a> es la primera parte del proyecto, una piedra angular sobre la que se pueden generar contenidos de todo tipo y formato; desde diversas organizaciones y personas. Es nuestro compromiso continuar este proyecto para ampliarlo a distintas audiencias en el permanente trabajo de Memoria, Verdad y Justicia.\u00a0<\/p>\n\n\n\n<div style=\"height:48px\" aria-hidden=\"true\" class=\"wp-block-spacer\"><\/div>\n\n\n\n<div class=\"wp-block-image\"><figure class=\"aligncenter size-full\"><img loading=\"lazy\" width=\"848\" height=\"473\" src=\"https:\/\/memetic.media\/fabrica\/wp-content\/uploads\/2024\/02\/04-Meta-Acerca-de.jpg\" alt=\"\" class=\"wp-image-1510\" srcset=\"https:\/\/memetic.media\/fabrica\/wp-content\/uploads\/2024\/02\/04-Meta-Acerca-de.jpg 848w, https:\/\/memetic.media\/fabrica\/wp-content\/uploads\/2024\/02\/04-Meta-Acerca-de-300x167.jpg 300w, https:\/\/memetic.media\/fabrica\/wp-content\/uploads\/2024\/02\/04-Meta-Acerca-de-768x428.jpg 768w\" sizes=\"(max-width: 848px) 100vw, 848px\" \/><\/figure><\/div>\n","protected":false},"excerpt":{"rendered":"<p>La versi\u00f3n esencial del Informe de Verdad y Justicia sobre los cr\u00edmenes de la dictadura estronista, una apuesta editorial que conecta generaciones.<\/p>\n","protected":false},"featured_media":1500,"template":"","categories":[12],"tags":[13,20,22,23,21],"acf":[],"_links":{"self":[{"href":"https:\/\/memetic.media\/fabrica\/wp-json\/wp\/v2\/proyecto\/1498"}],"collection":[{"href":"https:\/\/memetic.media\/fabrica\/wp-json\/wp\/v2\/proyecto"}],"about":[{"href":"https:\/\/memetic.media\/fabrica\/wp-json\/wp\/v2\/types\/proyecto"}],"wp:featuredmedia":[{"embeddable":true,"href":"https:\/\/memetic.media\/fabrica\/wp-json\/wp\/v2\/media\/1500"}],"wp:attachment":[{"href":"https:\/\/memetic.media\/fabrica\/wp-json\/wp\/v2\/media?parent=1498"}],"wp:term":[{"taxonomy":"category","embeddable":true,"href":"https:\/\/memetic.media\/fabrica\/wp-json\/wp\/v2\/categories?post=1498"},{"taxonomy":"post_tag","embeddable":true,"href":"https:\/\/memetic.media\/fabrica\/wp-json\/wp\/v2\/tags?post=1498"}],"curies":[{"name":"wp","href":"https:\/\/api.w.org\/{rel}","templated":true}]}}